{"id":14122,"date":"2026-03-25T09:47:40","date_gmt":"2026-03-25T10:47:40","guid":{"rendered":"https:\/\/greenvacations.pt\/ver-alojamento\/casa-da-arvore-villa-2\/"},"modified":"2026-04-06T14:01:29","modified_gmt":"2026-04-06T15:01:29","slug":"casa-da-arvore-villa-2","status":"publish","type":"ptalojamento","link":"https:\/\/greenvacations.pt\/de\/ver-alojamento\/casa-da-arvore-villa-2\/","title":{"rendered":"Casa da \u00c1rvore &#8211; Villa"},"content":{"rendered":"<p>Willkommen im Casa da \u00c1rvore &#8211; Villa, einer bezaubernden Familienunterkunft, die in den malerischen Calhetas direkt am Meer gelegen ist. Diese ger\u00e4umige und gem\u00fctliche 350 Quadratmeter gro\u00dfe Unterkunft ist das perfekte Ziel f\u00fcr Familien, die einen entspannenden Ausflug mit atemberaubenden Blicken auf das Meer, die Berge und den Pool suchen.<\/p>\n<p>Eine Villa verf\u00fcgt \u00fcber drei ger\u00e4umige Schlafzimmer, alle ausgestattet mit Doppelbetten, die eine komfortable Unterkunft f\u00fcr bis zu 6 Personen erm\u00f6glichen. Mit sieben Badezimmern &#8211; einschlie\u00dflich eines mit Dusche, zwei mit Badewanne und vier mit nur Toilette &#8211; gew\u00e4hrleisten wir maximalen Komfort und Privatsph\u00e4re f\u00fcr alle G\u00e4ste.<\/p>\n<p>Die voll ausgestattete K\u00fcche ist ein wahrer Traum f\u00fcr Kochliebhaber, mit K\u00fchlschrank, Gefrierschrank, Kaffeemaschine, Ofen, Mikrowelle, Geschirr, Toaster und Wasserkocher. Die Anwesenheit von W\u00e4rmepumpenheizung und WLAN stellt sicher, dass sie sich auch an den k\u00fchlsten Tagen wie zu Hause f\u00fchlen werden.<\/p>\n<p>Die Au\u00dfenbereiche sind ein echter H\u00f6hepunkt dieser Immobilie. Genie\u00dfen Sie den privaten Garten, Gartenm\u00f6bel, Grill, Terrasse und Balkon. Der gemeinsam genutzte Pool ist perfekt f\u00fcr lustige Familienmomente. Das eingez\u00e4unte Grundst\u00fcck bietet Sicherheit und Privatsph\u00e4re.<\/p>\n<p>In einer bezaubernden Gegend gelegen, bietet die Casa da \u00c1rvore &#8211; Villa panoramische Ausblicke, die das Blau des Meeres, das Gr\u00fcn der Berge und die Ruhe des Gartens vereinen. Ideal f\u00fcr Gruppen von Jugendlichen und Familien, die ein unvergessliches Erlebnis suchen, verspricht diese Villa einen unvergesslichen Urlaub.<\/p>\n","protected":false},"featured_media":19054,"template":"","alojamento_cat":[4587],"alojamento_loc":[1756],"class_list":["post-14122","ptalojamento","type-ptalojamento","status-publish","has-post-thumbnail","hentry","alojamento_cat-villa-de","alojamento_loc-ribeira-grande-pt-pt"],"acf":[],"yoast_head":"<!-- This site is optimized with the Yoast SEO plugin v26.9 - https:\/\/yoast.com\/product\/yoast-seo-wordpress\/ -->\n<title>Casa da \u00c1rvore - Villa - Alojamentos - Green Vacations<\/title>\n<meta name=\"robots\" content=\"index, follow, max-snippet:-1, max-image-preview:large, max-video-preview:-1\" \/>\n<link rel=\"canonical\" href=\"https:\/\/greenvacations.pt\/de\/ver-alojamento\/casa-da-arvore-villa-2\/\" \/>\n<meta property=\"og:locale\" content=\"de_DE\" \/>\n<meta property=\"og:type\" content=\"article\" \/>\n<meta property=\"og:title\" content=\"Casa da \u00c1rvore - Villa - Alojamentos - Green Vacations\" \/>\n<meta property=\"og:description\" content=\"Willkommen im Casa da \u00c1rvore &#8211; Villa, einer bezaubernden Familienunterkunft, die in den malerischen Calhetas direkt am Meer gelegen ist. Diese ger\u00e4umige und gem\u00fctliche 350 Quadratmeter gro\u00dfe Unterkunft ist das perfekte Ziel f\u00fcr Familien, die einen entspannenden Ausflug mit atemberaubenden Blicken auf das Meer, die Berge und den Pool suchen. Eine Villa verf\u00fcgt \u00fcber drei [&hellip;]\" \/>\n<meta property=\"og:url\" content=\"https:\/\/greenvacations.pt\/de\/ver-alojamento\/casa-da-arvore-villa-2\/\" \/>\n<meta property=\"og:site_name\" content=\"Green Vacations\" \/>\n<meta property=\"article:publisher\" content=\"https:\/\/www.facebook.com\/greenvacations.pt\/\" \/>\n<meta property=\"article:modified_time\" content=\"2026-04-06T15:01:29+00:00\" \/>\n<meta property=\"og:image\" content=\"https:\/\/greenvacations.pt\/wp-content\/uploads\/2026\/03\/173150811545eb84b8508793eab2c1532c3cf6fef4.jpg\" \/>\n\t<meta property=\"og:image:width\" content=\"2560\" \/>\n\t<meta property=\"og:image:height\" content=\"1707\" \/>\n\t<meta property=\"og:image:type\" content=\"image\/jpeg\" \/>\n<meta name=\"twitter:card\" content=\"summary_large_image\" \/>\n<meta name=\"twitter:label1\" content=\"Gesch\u00e4tzte Lesezeit\" \/>\n\t<meta name=\"twitter:data1\" content=\"2\u00a0Minuten\" \/>\n<script type=\"application\/ld+json\" class=\"yoast-schema-graph\">{\"@context\":\"https:\/\/schema.org\",\"@graph\":[{\"@type\":\"WebPage\",\"@id\":\"https:\/\/greenvacations.pt\/de\/ver-alojamento\/casa-da-arvore-villa-2\/\",\"url\":\"https:\/\/greenvacations.pt\/de\/ver-alojamento\/casa-da-arvore-villa-2\/\",\"name\":\"Casa da \u00c1rvore - Villa - Alojamentos - Green Vacations\",\"isPartOf\":{\"@id\":\"https:\/\/greenvacations.pt\/de\/#website\"},\"primaryImageOfPage\":{\"@id\":\"https:\/\/greenvacations.pt\/de\/ver-alojamento\/casa-da-arvore-villa-2\/#primaryimage\"},\"image\":{\"@id\":\"https:\/\/greenvacations.pt\/de\/ver-alojamento\/casa-da-arvore-villa-2\/#primaryimage\"},\"thumbnailUrl\":\"https:\/\/greenvacations.pt\/wp-content\/uploads\/2026\/03\/173150811545eb84b8508793eab2c1532c3cf6fef4.jpg\",\"datePublished\":\"2026-03-25T10:47:40+00:00\",\"dateModified\":\"2026-04-06T15:01:29+00:00\",\"breadcrumb\":{\"@id\":\"https:\/\/greenvacations.pt\/de\/ver-alojamento\/casa-da-arvore-villa-2\/#breadcrumb\"},\"inLanguage\":\"de\",\"potentialAction\":[{\"@type\":\"ReadAction\",\"target\":[\"https:\/\/greenvacations.pt\/de\/ver-alojamento\/casa-da-arvore-villa-2\/\"]}]},{\"@type\":\"ImageObject\",\"inLanguage\":\"de\",\"@id\":\"https:\/\/greenvacations.pt\/de\/ver-alojamento\/casa-da-arvore-villa-2\/#primaryimage\",\"url\":\"https:\/\/greenvacations.pt\/wp-content\/uploads\/2026\/03\/173150811545eb84b8508793eab2c1532c3cf6fef4.jpg\",\"contentUrl\":\"https:\/\/greenvacations.pt\/wp-content\/uploads\/2026\/03\/173150811545eb84b8508793eab2c1532c3cf6fef4.jpg\",\"width\":2560,\"height\":1707},{\"@type\":\"BreadcrumbList\",\"@id\":\"https:\/\/greenvacations.pt\/de\/ver-alojamento\/casa-da-arvore-villa-2\/#breadcrumb\",\"itemListElement\":[{\"@type\":\"ListItem\",\"position\":1,\"name\":\"In\u00edcio\",\"item\":\"https:\/\/greenvacations.pt\/de\/\"},{\"@type\":\"ListItem\",\"position\":2,\"name\":\"Alojamentos\",\"item\":\"https:\/\/greenvacations.pt\/de\/ver-alojamento\/\"},{\"@type\":\"ListItem\",\"position\":3,\"name\":\"Casa da \u00c1rvore &#8211; Villa\"}]},{\"@type\":\"WebSite\",\"@id\":\"https:\/\/greenvacations.pt\/de\/#website\",\"url\":\"https:\/\/greenvacations.pt\/de\/\",\"name\":\"Green Vacations\",\"description\":\"Gest\u00e3o de im\u00f3veis destinados para alojamento local, experi\u00eancias de anima\u00e7\u00e3o tur\u00edstica, Ponta Delgada - S\u00e3o Miguel - A\u00e7ores\",\"publisher\":{\"@id\":\"https:\/\/greenvacations.pt\/de\/#organization\"},\"potentialAction\":[{\"@type\":\"SearchAction\",\"target\":{\"@type\":\"EntryPoint\",\"urlTemplate\":\"https:\/\/greenvacations.pt\/de\/?s={search_term_string}\"},\"query-input\":{\"@type\":\"PropertyValueSpecification\",\"valueRequired\":true,\"valueName\":\"search_term_string\"}}],\"inLanguage\":\"de\"},{\"@type\":\"Organization\",\"@id\":\"https:\/\/greenvacations.pt\/de\/#organization\",\"name\":\"Green Vacations\",\"url\":\"https:\/\/greenvacations.pt\/de\/\",\"logo\":{\"@type\":\"ImageObject\",\"inLanguage\":\"de\",\"@id\":\"https:\/\/greenvacations.pt\/de\/#\/schema\/logo\/image\/\",\"url\":\"https:\/\/greenvacations.pt\/wp-content\/uploads\/2025\/12\/favicon.png\",\"contentUrl\":\"https:\/\/greenvacations.pt\/wp-content\/uploads\/2025\/12\/favicon.png\",\"width\":233,\"height\":233,\"caption\":\"Green Vacations\"},\"image\":{\"@id\":\"https:\/\/greenvacations.pt\/de\/#\/schema\/logo\/image\/\"},\"sameAs\":[\"https:\/\/www.facebook.com\/greenvacations.pt\/\",\"https:\/\/www.instagram.com\/greenvacations.pt\/\"]}]}<\/script>\n<!-- \/ Yoast SEO plugin. -->","yoast_head_json":{"title":"Casa da \u00c1rvore - Villa - Alojamentos - Green Vacations","robots":{"index":"index","follow":"follow","max-snippet":"max-snippet:-1","max-image-preview":"max-image-preview:large","max-video-preview":"max-video-preview:-1"},"canonical":"https:\/\/greenvacations.pt\/de\/ver-alojamento\/casa-da-arvore-villa-2\/","og_locale":"de_DE","og_type":"article","og_title":"Casa da \u00c1rvore - Villa - Alojamentos - Green Vacations","og_description":"Willkommen im Casa da \u00c1rvore &#8211; Villa, einer bezaubernden Familienunterkunft, die in den malerischen Calhetas direkt am Meer gelegen ist. Diese ger\u00e4umige und gem\u00fctliche 350 Quadratmeter gro\u00dfe Unterkunft ist das perfekte Ziel f\u00fcr Familien, die einen entspannenden Ausflug mit atemberaubenden Blicken auf das Meer, die Berge und den Pool suchen. Eine Villa verf\u00fcgt \u00fcber drei [&hellip;]","og_url":"https:\/\/greenvacations.pt\/de\/ver-alojamento\/casa-da-arvore-villa-2\/","og_site_name":"Green Vacations","article_publisher":"https:\/\/www.facebook.com\/greenvacations.pt\/","article_modified_time":"2026-04-06T15:01:29+00:00","og_image":[{"width":2560,"height":1707,"url":"https:\/\/greenvacations.pt\/wp-content\/uploads\/2026\/03\/173150811545eb84b8508793eab2c1532c3cf6fef4.jpg","type":"image\/jpeg"}],"twitter_card":"summary_large_image","twitter_misc":{"Gesch\u00e4tzte Lesezeit":"2\u00a0Minuten"},"schema":{"@context":"https:\/\/schema.org","@graph":[{"@type":"WebPage","@id":"https:\/\/greenvacations.pt\/de\/ver-alojamento\/casa-da-arvore-villa-2\/","url":"https:\/\/greenvacations.pt\/de\/ver-alojamento\/casa-da-arvore-villa-2\/","name":"Casa da \u00c1rvore - Villa - Alojamentos - Green Vacations","isPartOf":{"@id":"https:\/\/greenvacations.pt\/de\/#website"},"primaryImageOfPage":{"@id":"https:\/\/greenvacations.pt\/de\/ver-alojamento\/casa-da-arvore-villa-2\/#primaryimage"},"image":{"@id":"https:\/\/greenvacations.pt\/de\/ver-alojamento\/casa-da-arvore-villa-2\/#primaryimage"},"thumbnailUrl":"https:\/\/greenvacations.pt\/wp-content\/uploads\/2026\/03\/173150811545eb84b8508793eab2c1532c3cf6fef4.jpg","datePublished":"2026-03-25T10:47:40+00:00","dateModified":"2026-04-06T15:01:29+00:00","breadcrumb":{"@id":"https:\/\/greenvacations.pt\/de\/ver-alojamento\/casa-da-arvore-villa-2\/#breadcrumb"},"inLanguage":"de","potentialAction":[{"@type":"ReadAction","target":["https:\/\/greenvacations.pt\/de\/ver-alojamento\/casa-da-arvore-villa-2\/"]}]},{"@type":"ImageObject","inLanguage":"de","@id":"https:\/\/greenvacations.pt\/de\/ver-alojamento\/casa-da-arvore-villa-2\/#primaryimage","url":"https:\/\/greenvacations.pt\/wp-content\/uploads\/2026\/03\/173150811545eb84b8508793eab2c1532c3cf6fef4.jpg","contentUrl":"https:\/\/greenvacations.pt\/wp-content\/uploads\/2026\/03\/173150811545eb84b8508793eab2c1532c3cf6fef4.jpg","width":2560,"height":1707},{"@type":"BreadcrumbList","@id":"https:\/\/greenvacations.pt\/de\/ver-alojamento\/casa-da-arvore-villa-2\/#breadcrumb","itemListElement":[{"@type":"ListItem","position":1,"name":"In\u00edcio","item":"https:\/\/greenvacations.pt\/de\/"},{"@type":"ListItem","position":2,"name":"Alojamentos","item":"https:\/\/greenvacations.pt\/de\/ver-alojamento\/"},{"@type":"ListItem","position":3,"name":"Casa da \u00c1rvore &#8211; Villa"}]},{"@type":"WebSite","@id":"https:\/\/greenvacations.pt\/de\/#website","url":"https:\/\/greenvacations.pt\/de\/","name":"Green Vacations","description":"Gest\u00e3o de im\u00f3veis destinados para alojamento local, experi\u00eancias de anima\u00e7\u00e3o tur\u00edstica, Ponta Delgada - S\u00e3o Miguel - A\u00e7ores","publisher":{"@id":"https:\/\/greenvacations.pt\/de\/#organization"},"potentialAction":[{"@type":"SearchAction","target":{"@type":"EntryPoint","urlTemplate":"https:\/\/greenvacations.pt\/de\/?s={search_term_string}"},"query-input":{"@type":"PropertyValueSpecification","valueRequired":true,"valueName":"search_term_string"}}],"inLanguage":"de"},{"@type":"Organization","@id":"https:\/\/greenvacations.pt\/de\/#organization","name":"Green Vacations","url":"https:\/\/greenvacations.pt\/de\/","logo":{"@type":"ImageObject","inLanguage":"de","@id":"https:\/\/greenvacations.pt\/de\/#\/schema\/logo\/image\/","url":"https:\/\/greenvacations.pt\/wp-content\/uploads\/2025\/12\/favicon.png","contentUrl":"https:\/\/greenvacations.pt\/wp-content\/uploads\/2025\/12\/favicon.png","width":233,"height":233,"caption":"Green Vacations"},"image":{"@id":"https:\/\/greenvacations.pt\/de\/#\/schema\/logo\/image\/"},"sameAs":["https:\/\/www.facebook.com\/greenvacations.pt\/","https:\/\/www.instagram.com\/greenvacations.pt\/"]}]}},"_links":{"self":[{"href":"https:\/\/greenvacations.pt\/de\/wp-json\/wp\/v2\/ptalojamento\/14122","targetHints":{"allow":["GET"]}}],"collection":[{"href":"https:\/\/greenvacations.pt\/de\/wp-json\/wp\/v2\/ptalojamento"}],"about":[{"href":"https:\/\/greenvacations.pt\/de\/wp-json\/wp\/v2\/types\/ptalojamento"}],"version-history":[{"count":0,"href":"https:\/\/greenvacations.pt\/de\/wp-json\/wp\/v2\/ptalojamento\/14122\/revisions"}],"wp:featuredmedia":[{"embeddable":true,"href":"https:\/\/greenvacations.pt\/de\/wp-json\/wp\/v2\/media\/19054"}],"wp:attachment":[{"href":"https:\/\/greenvacations.pt\/de\/wp-json\/wp\/v2\/media?parent=14122"}],"wp:term":[{"taxonomy":"alojamento_cat","embeddable":true,"href":"https:\/\/greenvacations.pt\/de\/wp-json\/wp\/v2\/alojamento_cat?post=14122"},{"taxonomy":"alojamento_loc","embeddable":true,"href":"https:\/\/greenvacations.pt\/de\/wp-json\/wp\/v2\/alojamento_loc?post=14122"}],"curies":[{"name":"wp","href":"https:\/\/api.w.org\/{rel}","templated":true}]}}