{"id":14086,"date":"2026-03-25T09:47:40","date_gmt":"2026-03-25T10:47:40","guid":{"rendered":"https:\/\/greenvacations.pt\/ver-alojamento\/quinta-sao-jose-da-relva-2\/"},"modified":"2026-04-06T14:11:53","modified_gmt":"2026-04-06T15:11:53","slug":"quinta-sao-jose-da-relva-2","status":"publish","type":"ptalojamento","link":"https:\/\/greenvacations.pt\/de\/ver-alojamento\/quinta-sao-jose-da-relva-2\/","title":{"rendered":"Quinta S\u00e3o Jos\u00e9 da Relva"},"content":{"rendered":"<p>Entdecken Sie die perfekte Zuflucht f\u00fcr Familien in der Quinta S\u00e3o Jos\u00e9 da Relva, gelegen in der malerischen Region Relva. Diese ger\u00e4umige Immobilie mit 360 Quadratmetern bietet eine gem\u00fctliche und komfortable Umgebung f\u00fcr bis zu 8 Personen, ideal f\u00fcr Familienaufenthalte oder Freundesgruppen.<\/p>\n<p>Die Unterkunft verf\u00fcgt \u00fcber 4 elegant ausgestattete Zimmer, mit einer Kombination aus 2 Doppelbetten und 4 Einzelbetten, die allen G\u00e4sten einen ruhigen Schlaf garantieren. Das Haus verf\u00fcgt \u00fcber 5 Badezimmer, davon 4 mit Dusche und 1 nur mit Toilette, die vollst\u00e4ndigen Komfort und Privatsph\u00e4re bieten.<\/p>\n<p>Die voll ausgestattete K\u00fcche ist ein Highlight der Immobilie, mit modernen Haushaltsger\u00e4ten wie K\u00fchlschrank, Waschmaschine, Backofen, Mikrowelle, Kaffeemaschine, Toaster und Wasserkocher. Die Anwesenheit von Klimaanlage und W\u00e4rmepumpe gew\u00e4hrleistet thermischen Komfort in jeder Jahreszeit.<\/p>\n<p>Die Au\u00dfenbereiche sind wirklich einladend, mit einem privaten Garten, Gartenm\u00f6beln, einem Grill und einer Terrasse, die zu Momenten der Entspannung und des Familienlebens einl\u00e4dt. Das eingez\u00e4unte Grundst\u00fcck bietet zus\u00e4tzliche Sicherheit und Privatsph\u00e4re.<\/p>\n<p>Der private Parkplatz vor Ort erleichtert die Ankunft und Mobilit\u00e4t und ist besonders bequem f\u00fcr Familien mit Kindern oder f\u00fcr diejenigen, die die Region erkunden m\u00f6chten. Die Unterkunft erlaubt keine Haustiere und keine Jugendgruppen und bewahrt so eine ruhige und famili\u00e4re Atmosph\u00e4re.<\/p>\n<p>Mit verf\u00fcgbarem WLAN-Internet und einem Fernseher f\u00fcr Unterhaltungsmomente kombiniert der Bauernhof S\u00e3o Jos\u00e9 da Relva modernen Komfort mit der Ruhe der l\u00e4ndlichen Umgebung und verspricht unvergessliche Familienferien.<\/p>\n","protected":false},"featured_media":18161,"template":"","alojamento_cat":[4599],"alojamento_loc":[1746],"class_list":["post-14086","ptalojamento","type-ptalojamento","status-publish","has-post-thumbnail","hentry","alojamento_cat-casa-rural-de","alojamento_loc-ponta-delgada-pt-pt"],"acf":[],"yoast_head":"<!-- This site is optimized with the Yoast SEO plugin v26.9 - https:\/\/yoast.com\/product\/yoast-seo-wordpress\/ -->\n<title>Quinta S\u00e3o Jos\u00e9 da Relva - Alojamentos - Green Vacations<\/title>\n<meta name=\"robots\" content=\"index, follow, max-snippet:-1, max-image-preview:large, max-video-preview:-1\" \/>\n<link rel=\"canonical\" href=\"https:\/\/greenvacations.pt\/de\/ver-alojamento\/quinta-sao-jose-da-relva-2\/\" \/>\n<meta property=\"og:locale\" content=\"de_DE\" \/>\n<meta property=\"og:type\" content=\"article\" \/>\n<meta property=\"og:title\" content=\"Quinta S\u00e3o Jos\u00e9 da Relva - Alojamentos - Green Vacations\" \/>\n<meta property=\"og:description\" content=\"Entdecken Sie die perfekte Zuflucht f\u00fcr Familien in der Quinta S\u00e3o Jos\u00e9 da Relva, gelegen in der malerischen Region Relva. Diese ger\u00e4umige Immobilie mit 360 Quadratmetern bietet eine gem\u00fctliche und komfortable Umgebung f\u00fcr bis zu 8 Personen, ideal f\u00fcr Familienaufenthalte oder Freundesgruppen. Die Unterkunft verf\u00fcgt \u00fcber 4 elegant ausgestattete Zimmer, mit einer Kombination aus 2 [&hellip;]\" \/>\n<meta property=\"og:url\" content=\"https:\/\/greenvacations.pt\/de\/ver-alojamento\/quinta-sao-jose-da-relva-2\/\" \/>\n<meta property=\"og:site_name\" content=\"Green Vacations\" \/>\n<meta property=\"article:publisher\" content=\"https:\/\/www.facebook.com\/greenvacations.pt\/\" \/>\n<meta property=\"article:modified_time\" content=\"2026-04-06T15:11:53+00:00\" \/>\n<meta property=\"og:image\" content=\"https:\/\/greenvacations.pt\/wp-content\/uploads\/2026\/03\/173531965967b983c57c2683e91812b27d22765ed4.jpg\" \/>\n\t<meta property=\"og:image:width\" content=\"1304\" \/>\n\t<meta property=\"og:image:height\" content=\"869\" \/>\n\t<meta property=\"og:image:type\" content=\"image\/jpeg\" \/>\n<meta name=\"twitter:card\" content=\"summary_large_image\" \/>\n<meta name=\"twitter:label1\" content=\"Gesch\u00e4tzte Lesezeit\" \/>\n\t<meta name=\"twitter:data1\" content=\"2\u00a0Minuten\" \/>\n<script type=\"application\/ld+json\" class=\"yoast-schema-graph\">{\"@context\":\"https:\/\/schema.org\",\"@graph\":[{\"@type\":\"WebPage\",\"@id\":\"https:\/\/greenvacations.pt\/de\/ver-alojamento\/quinta-sao-jose-da-relva-2\/\",\"url\":\"https:\/\/greenvacations.pt\/de\/ver-alojamento\/quinta-sao-jose-da-relva-2\/\",\"name\":\"Quinta S\u00e3o Jos\u00e9 da Relva - Alojamentos - Green Vacations\",\"isPartOf\":{\"@id\":\"https:\/\/greenvacations.pt\/de\/#website\"},\"primaryImageOfPage\":{\"@id\":\"https:\/\/greenvacations.pt\/de\/ver-alojamento\/quinta-sao-jose-da-relva-2\/#primaryimage\"},\"image\":{\"@id\":\"https:\/\/greenvacations.pt\/de\/ver-alojamento\/quinta-sao-jose-da-relva-2\/#primaryimage\"},\"thumbnailUrl\":\"https:\/\/greenvacations.pt\/wp-content\/uploads\/2026\/03\/173531965967b983c57c2683e91812b27d22765ed4.jpg\",\"datePublished\":\"2026-03-25T10:47:40+00:00\",\"dateModified\":\"2026-04-06T15:11:53+00:00\",\"breadcrumb\":{\"@id\":\"https:\/\/greenvacations.pt\/de\/ver-alojamento\/quinta-sao-jose-da-relva-2\/#breadcrumb\"},\"inLanguage\":\"de\",\"potentialAction\":[{\"@type\":\"ReadAction\",\"target\":[\"https:\/\/greenvacations.pt\/de\/ver-alojamento\/quinta-sao-jose-da-relva-2\/\"]}]},{\"@type\":\"ImageObject\",\"inLanguage\":\"de\",\"@id\":\"https:\/\/greenvacations.pt\/de\/ver-alojamento\/quinta-sao-jose-da-relva-2\/#primaryimage\",\"url\":\"https:\/\/greenvacations.pt\/wp-content\/uploads\/2026\/03\/173531965967b983c57c2683e91812b27d22765ed4.jpg\",\"contentUrl\":\"https:\/\/greenvacations.pt\/wp-content\/uploads\/2026\/03\/173531965967b983c57c2683e91812b27d22765ed4.jpg\",\"width\":1304,\"height\":869},{\"@type\":\"BreadcrumbList\",\"@id\":\"https:\/\/greenvacations.pt\/de\/ver-alojamento\/quinta-sao-jose-da-relva-2\/#breadcrumb\",\"itemListElement\":[{\"@type\":\"ListItem\",\"position\":1,\"name\":\"In\u00edcio\",\"item\":\"https:\/\/greenvacations.pt\/de\/\"},{\"@type\":\"ListItem\",\"position\":2,\"name\":\"Alojamentos\",\"item\":\"https:\/\/greenvacations.pt\/de\/ver-alojamento\/\"},{\"@type\":\"ListItem\",\"position\":3,\"name\":\"Quinta S\u00e3o Jos\u00e9 da Relva\"}]},{\"@type\":\"WebSite\",\"@id\":\"https:\/\/greenvacations.pt\/de\/#website\",\"url\":\"https:\/\/greenvacations.pt\/de\/\",\"name\":\"Green Vacations\",\"description\":\"Gest\u00e3o de im\u00f3veis destinados para alojamento local, experi\u00eancias de anima\u00e7\u00e3o tur\u00edstica, Ponta Delgada - S\u00e3o Miguel - A\u00e7ores\",\"publisher\":{\"@id\":\"https:\/\/greenvacations.pt\/de\/#organization\"},\"potentialAction\":[{\"@type\":\"SearchAction\",\"target\":{\"@type\":\"EntryPoint\",\"urlTemplate\":\"https:\/\/greenvacations.pt\/de\/?s={search_term_string}\"},\"query-input\":{\"@type\":\"PropertyValueSpecification\",\"valueRequired\":true,\"valueName\":\"search_term_string\"}}],\"inLanguage\":\"de\"},{\"@type\":\"Organization\",\"@id\":\"https:\/\/greenvacations.pt\/de\/#organization\",\"name\":\"Green Vacations\",\"url\":\"https:\/\/greenvacations.pt\/de\/\",\"logo\":{\"@type\":\"ImageObject\",\"inLanguage\":\"de\",\"@id\":\"https:\/\/greenvacations.pt\/de\/#\/schema\/logo\/image\/\",\"url\":\"https:\/\/greenvacations.pt\/wp-content\/uploads\/2025\/12\/favicon.png\",\"contentUrl\":\"https:\/\/greenvacations.pt\/wp-content\/uploads\/2025\/12\/favicon.png\",\"width\":233,\"height\":233,\"caption\":\"Green Vacations\"},\"image\":{\"@id\":\"https:\/\/greenvacations.pt\/de\/#\/schema\/logo\/image\/\"},\"sameAs\":[\"https:\/\/www.facebook.com\/greenvacations.pt\/\",\"https:\/\/www.instagram.com\/greenvacations.pt\/\"]}]}<\/script>\n<!-- \/ Yoast SEO plugin. -->","yoast_head_json":{"title":"Quinta S\u00e3o Jos\u00e9 da Relva - Alojamentos - Green Vacations","robots":{"index":"index","follow":"follow","max-snippet":"max-snippet:-1","max-image-preview":"max-image-preview:large","max-video-preview":"max-video-preview:-1"},"canonical":"https:\/\/greenvacations.pt\/de\/ver-alojamento\/quinta-sao-jose-da-relva-2\/","og_locale":"de_DE","og_type":"article","og_title":"Quinta S\u00e3o Jos\u00e9 da Relva - Alojamentos - Green Vacations","og_description":"Entdecken Sie die perfekte Zuflucht f\u00fcr Familien in der Quinta S\u00e3o Jos\u00e9 da Relva, gelegen in der malerischen Region Relva. Diese ger\u00e4umige Immobilie mit 360 Quadratmetern bietet eine gem\u00fctliche und komfortable Umgebung f\u00fcr bis zu 8 Personen, ideal f\u00fcr Familienaufenthalte oder Freundesgruppen. Die Unterkunft verf\u00fcgt \u00fcber 4 elegant ausgestattete Zimmer, mit einer Kombination aus 2 [&hellip;]","og_url":"https:\/\/greenvacations.pt\/de\/ver-alojamento\/quinta-sao-jose-da-relva-2\/","og_site_name":"Green Vacations","article_publisher":"https:\/\/www.facebook.com\/greenvacations.pt\/","article_modified_time":"2026-04-06T15:11:53+00:00","og_image":[{"width":1304,"height":869,"url":"https:\/\/greenvacations.pt\/wp-content\/uploads\/2026\/03\/173531965967b983c57c2683e91812b27d22765ed4.jpg","type":"image\/jpeg"}],"twitter_card":"summary_large_image","twitter_misc":{"Gesch\u00e4tzte Lesezeit":"2\u00a0Minuten"},"schema":{"@context":"https:\/\/schema.org","@graph":[{"@type":"WebPage","@id":"https:\/\/greenvacations.pt\/de\/ver-alojamento\/quinta-sao-jose-da-relva-2\/","url":"https:\/\/greenvacations.pt\/de\/ver-alojamento\/quinta-sao-jose-da-relva-2\/","name":"Quinta S\u00e3o Jos\u00e9 da Relva - Alojamentos - Green Vacations","isPartOf":{"@id":"https:\/\/greenvacations.pt\/de\/#website"},"primaryImageOfPage":{"@id":"https:\/\/greenvacations.pt\/de\/ver-alojamento\/quinta-sao-jose-da-relva-2\/#primaryimage"},"image":{"@id":"https:\/\/greenvacations.pt\/de\/ver-alojamento\/quinta-sao-jose-da-relva-2\/#primaryimage"},"thumbnailUrl":"https:\/\/greenvacations.pt\/wp-content\/uploads\/2026\/03\/173531965967b983c57c2683e91812b27d22765ed4.jpg","datePublished":"2026-03-25T10:47:40+00:00","dateModified":"2026-04-06T15:11:53+00:00","breadcrumb":{"@id":"https:\/\/greenvacations.pt\/de\/ver-alojamento\/quinta-sao-jose-da-relva-2\/#breadcrumb"},"inLanguage":"de","potentialAction":[{"@type":"ReadAction","target":["https:\/\/greenvacations.pt\/de\/ver-alojamento\/quinta-sao-jose-da-relva-2\/"]}]},{"@type":"ImageObject","inLanguage":"de","@id":"https:\/\/greenvacations.pt\/de\/ver-alojamento\/quinta-sao-jose-da-relva-2\/#primaryimage","url":"https:\/\/greenvacations.pt\/wp-content\/uploads\/2026\/03\/173531965967b983c57c2683e91812b27d22765ed4.jpg","contentUrl":"https:\/\/greenvacations.pt\/wp-content\/uploads\/2026\/03\/173531965967b983c57c2683e91812b27d22765ed4.jpg","width":1304,"height":869},{"@type":"BreadcrumbList","@id":"https:\/\/greenvacations.pt\/de\/ver-alojamento\/quinta-sao-jose-da-relva-2\/#breadcrumb","itemListElement":[{"@type":"ListItem","position":1,"name":"In\u00edcio","item":"https:\/\/greenvacations.pt\/de\/"},{"@type":"ListItem","position":2,"name":"Alojamentos","item":"https:\/\/greenvacations.pt\/de\/ver-alojamento\/"},{"@type":"ListItem","position":3,"name":"Quinta S\u00e3o Jos\u00e9 da Relva"}]},{"@type":"WebSite","@id":"https:\/\/greenvacations.pt\/de\/#website","url":"https:\/\/greenvacations.pt\/de\/","name":"Green Vacations","description":"Gest\u00e3o de im\u00f3veis destinados para alojamento local, experi\u00eancias de anima\u00e7\u00e3o tur\u00edstica, Ponta Delgada - S\u00e3o Miguel - A\u00e7ores","publisher":{"@id":"https:\/\/greenvacations.pt\/de\/#organization"},"potentialAction":[{"@type":"SearchAction","target":{"@type":"EntryPoint","urlTemplate":"https:\/\/greenvacations.pt\/de\/?s={search_term_string}"},"query-input":{"@type":"PropertyValueSpecification","valueRequired":true,"valueName":"search_term_string"}}],"inLanguage":"de"},{"@type":"Organization","@id":"https:\/\/greenvacations.pt\/de\/#organization","name":"Green Vacations","url":"https:\/\/greenvacations.pt\/de\/","logo":{"@type":"ImageObject","inLanguage":"de","@id":"https:\/\/greenvacations.pt\/de\/#\/schema\/logo\/image\/","url":"https:\/\/greenvacations.pt\/wp-content\/uploads\/2025\/12\/favicon.png","contentUrl":"https:\/\/greenvacations.pt\/wp-content\/uploads\/2025\/12\/favicon.png","width":233,"height":233,"caption":"Green Vacations"},"image":{"@id":"https:\/\/greenvacations.pt\/de\/#\/schema\/logo\/image\/"},"sameAs":["https:\/\/www.facebook.com\/greenvacations.pt\/","https:\/\/www.instagram.com\/greenvacations.pt\/"]}]}},"_links":{"self":[{"href":"https:\/\/greenvacations.pt\/de\/wp-json\/wp\/v2\/ptalojamento\/14086","targetHints":{"allow":["GET"]}}],"collection":[{"href":"https:\/\/greenvacations.pt\/de\/wp-json\/wp\/v2\/ptalojamento"}],"about":[{"href":"https:\/\/greenvacations.pt\/de\/wp-json\/wp\/v2\/types\/ptalojamento"}],"version-history":[{"count":0,"href":"https:\/\/greenvacations.pt\/de\/wp-json\/wp\/v2\/ptalojamento\/14086\/revisions"}],"wp:featuredmedia":[{"embeddable":true,"href":"https:\/\/greenvacations.pt\/de\/wp-json\/wp\/v2\/media\/18161"}],"wp:attachment":[{"href":"https:\/\/greenvacations.pt\/de\/wp-json\/wp\/v2\/media?parent=14086"}],"wp:term":[{"taxonomy":"alojamento_cat","embeddable":true,"href":"https:\/\/greenvacations.pt\/de\/wp-json\/wp\/v2\/alojamento_cat?post=14086"},{"taxonomy":"alojamento_loc","embeddable":true,"href":"https:\/\/greenvacations.pt\/de\/wp-json\/wp\/v2\/alojamento_loc?post=14086"}],"curies":[{"name":"wp","href":"https:\/\/api.w.org\/{rel}","templated":true}]}}